{"version":"1.0","provider_name":"The Timken Company","provider_url":"https:\/\/www.timken.com\/tr\/","author_name":"Melissa Skolaris","author_url":"https:\/\/www.timken.com\/tr\/author\/melissa-skolaris\/","title":"Gelece\u011fin STEM Liderlerinde K\u0131v\u0131lc\u0131m\u0131 Ate\u015flemek","type":"rich","width":600,"height":338,"html":"<blockquote class=\"wp-embedded-content\" data-secret=\"tC1aZUyqZx\"><a href=\"https:\/\/www.timken.com\/tr\/timken-world\/gelecegin-stem-liderlerinde-kivilcimi-ateslemek\/\">Gelece\u011fin STEM Liderlerinde K\u0131v\u0131lc\u0131m\u0131 Ate\u015flemek<\/a><\/blockquote><iframe sandbox=\"allow-scripts\" security=\"restricted\" src=\"https:\/\/www.timken.com\/tr\/timken-world\/gelecegin-stem-liderlerinde-kivilcimi-ateslemek\/embed\/#?secret=tC1aZUyqZx\" width=\"600\" height=\"338\" title=\"&#8220;Gelece\u011fin STEM Liderlerinde K\u0131v\u0131lc\u0131m\u0131 Ate\u015flemek&#8221; &#8212; The Timken Company\" data-secret=\"tC1aZUyqZx\" frameborder=\"0\" marginwidth=\"0\" marginheight=\"0\" scrolling=\"no\" class=\"wp-embedded-content\"><\/iframe><script type=\"text\/javascript\">\n\/* <![CDATA[ *\/\n\/*! This file is auto-generated *\/\n!function(d,l){\"use strict\";l.querySelector&&d.addEventListener&&\"undefined\"!=typeof URL&&(d.wp=d.wp||{},d.wp.receiveEmbedMessage||(d.wp.receiveEmbedMessage=function(e){var t=e.data;if((t||t.secret||t.message||t.value)&&!\/[^a-zA-Z0-9]\/.test(t.secret)){for(var s,r,n,a=l.querySelectorAll('iframe[data-secret=\"'+t.secret+'\"]'),o=l.querySelectorAll('blockquote[data-secret=\"'+t.secret+'\"]'),c=new RegExp(\"^https?:$\",\"i\"),i=0;i<o.length;i++)o[i].style.display=\"none\";for(i=0;i<a.length;i++)s=a[i],e.source===s.contentWindow&&(s.removeAttribute(\"style\"),\"height\"===t.message?(1e3<(r=parseInt(t.value,10))?r=1e3:~~r<200&&(r=200),s.height=r):\"link\"===t.message&&(r=new URL(s.getAttribute(\"src\")),n=new URL(t.value),c.test(n.protocol))&&n.host===r.host&&l.activeElement===s&&(d.top.location.href=t.value))}},d.addEventListener(\"message\",d.wp.receiveEmbedMessage,!1),l.addEventListener(\"DOMContentLoaded\",function(){for(var e,t,s=l.querySelectorAll(\"iframe.wp-embedded-content\"),r=0;r<s.length;r++)(t=(e=s[r]).getAttribute(\"data-secret\"))||(t=Math.random().toString(36).substring(2,12),e.src+=\"#?secret=\"+t,e.setAttribute(\"data-secret\",t)),e.contentWindow.postMessage({message:\"ready\",secret:t},\"*\")},!1)))}(window,document);\n\/\/# sourceURL=https:\/\/www.timken.com\/wp-includes\/js\/wp-embed.min.js\n\/* ]]> *\/\n<\/script>\n","description":"Timken, NASA'n\u0131n Cleveland'daki Glenn Ara\u015ft\u0131rma Merkezi'nde STEM kat\u0131l\u0131m direkt\u00f6r\u00fc Darlene Walker gibi liderlerle i\u015fbirli\u011fi yaparak, d\u00fcnya \u00e7ap\u0131nda yeterince temsil edilmeyen \u00f6\u011frenciler i\u00e7in STEM e\u011fitimine yat\u0131r\u0131m yap\u0131yor. Otantik STEM \u00f6\u011frenme deneyimlerinin nas\u0131l daha \u00e7e\u015fitli, bilgili ve gelece\u011fe haz\u0131r problem \u00e7\u00f6z\u00fcc\u00fcler yaratt\u0131\u011f\u0131n\u0131 payla\u015f\u0131yor.","thumbnail_url":"https:\/\/www.timken.com\/wp-content\/uploads\/2022\/10\/NASA-STEM-Social-Image-1024x536.jpg"}