{"id":380495,"date":"2019-10-17T14:02:54","date_gmt":"2019-10-17T18:02:54","guid":{"rendered":"https:\/\/www.timken.com\/?page_id=380495\/"},"modified":"2026-04-22T09:35:58","modified_gmt":"2026-04-22T13:35:58","slug":"andreas-roellgen","status":"publish","type":"page","link":"https:\/\/www.timken.com\/pt-br\/sobre\/andreas-roellgen\/","title":{"rendered":"Andreas Roellgen"},"content":{"rendered":"<p>[et_pb_section fb_built=&#8221;1&#8243; custom_padding_last_edited=&#8221;on|tablet&#8221; admin_label=&#8221;Hero (hero-not-sticky)&#8221; module_class=&#8221;hero-not-sticky&#8221; _builder_version=&#8221;4.27.4&#8243; _module_preset=&#8221;default&#8221; background_color=&#8221;#005677&#8243; background_enable_image=&#8221;off&#8221; background_position=&#8221;bottom_right&#8221; custom_padding=&#8221;80px||||false|false&#8221; custom_padding_tablet=&#8221;15em||19.5em||false|false&#8221; custom_padding_phone=&#8221;14em||2em||false|false&#8221; background_last_edited=&#8221;on|phone&#8221; use_background_color_gradient_phone=&#8221;on&#8221; background_color_gradient_stops_phone=&#8221;rgba(0,0,0,0) 0%|rgba(0,0,0,0.4) 65%|rgba(0, 0, 0, 0.32) 73%|rgba(0,0,0,0) 100%&#8221; locked=&#8221;off&#8221; collapsed=&#8221;off&#8221; global_colors_info=&#8221;{}&#8221;][et_pb_row admin_label=&#8221;Row (rowwidth-override)&#8221; module_class=&#8221;rowwidth-override&#8221; _builder_version=&#8221;4.27.4&#8243; _module_preset=&#8221;default&#8221; width_phone=&#8221;100%&#8221; width_last_edited=&#8221;off|desktop&#8221; max_width=&#8221;1400px&#8221; custom_padding=&#8221;||0px||false|false&#8221; global_colors_info=&#8221;{}&#8221;][et_pb_column type=&#8221;4_4&#8243; _builder_version=&#8221;4.21.0&#8243; _module_preset=&#8221;default&#8221; global_colors_info=&#8221;{}&#8221;][et_pb_blurb title=&#8221;@ET-DC@eyJkeW5hbWljIjp0cnVlLCJjb250ZW50IjoicG9zdF90aXRsZSIsInNldHRpbmdzIjp7ImJlZm9yZSI6IiIsImFmdGVyIjoiIn19@&#8221; content_max_width=&#8221;100%&#8221; _builder_version=&#8221;4.27.4&#8243; _dynamic_attributes=&#8221;title&#8221; _module_preset=&#8221;default&#8221; header_level=&#8221;h1&#8243; background_layout=&#8221;dark&#8221; custom_padding=&#8221;||0px||false|false&#8221; custom_css_free_form=&#8221;selector h1 {||  font-size: clamp(2.4rem, 4cqi, 4.5rem) !important;||  padding-bottom: 1% ! IMPORTANT;||}||||&#8221; global_colors_info=&#8221;{}&#8221;]<\/p>\n<p class=\"p1\">Vice-presidente executivo e presidente de Rolamentos de \u00faltima gera\u00e7\u00e3o<\/p>\n<p>[\/et_pb_blurb][\/et_pb_column][\/et_pb_row][\/et_pb_section][et_pb_section fb_built=&#8221;1&#8243; _builder_version=&#8221;4.27.4&#8243; _module_preset=&#8221;default&#8221; locked=&#8221;off&#8221; global_colors_info=&#8221;{}&#8221;][et_pb_row column_structure=&#8221;1_2,1_2&#8243; module_class=&#8221;rowwidth-override bio-flex&#8221; _builder_version=&#8221;4.27.4&#8243; _module_preset=&#8221;default&#8221; custom_padding=&#8221;||||false|false&#8221; custom_css_main_element=&#8221;width: 80% !Important;&#8221; global_colors_info=&#8221;{}&#8221;][et_pb_column type=&#8221;1_2&#8243; _builder_version=&#8221;4.27.4&#8243; _module_preset=&#8221;default&#8221; global_colors_info=&#8221;{}&#8221;][et_pb_image src=&#8221;https:\/\/www.timken.com\/wp-content\/uploads\/2025\/07\/Leadership-Page_Roellgen.jpg&#8221; alt=&#8221;Headshot of Andreas Roellgen&#8221; title_text=&#8221;Leadership Page_Roellgen&#8221; _builder_version=&#8221;4.27.4&#8243; _module_preset=&#8221;default&#8221; global_colors_info=&#8221;{}&#8221;][\/et_pb_image][\/et_pb_column][et_pb_column type=&#8221;1_2&#8243; _builder_version=&#8221;4.27.4&#8243; _module_preset=&#8221;default&#8221; global_colors_info=&#8221;{}&#8221;][et_pb_social_media_follow icon_color=&#8221;#ffffff&#8221; use_icon_font_size=&#8221;on&#8221; module_class=&#8221;bio-social&#8221; _builder_version=&#8221;4.27.4&#8243; _module_preset=&#8221;default&#8221; background_enable_color=&#8221;off&#8221; text_orientation=&#8221;left&#8221; background_layout=&#8221;dark&#8221; global_colors_info=&#8221;{}&#8221;][et_pb_social_media_follow_network social_network=&#8221;linkedin&#8221; url=&#8221;https:\/\/www.linkedin.com\/in\/roellgen\/&#8221; _builder_version=&#8221;4.27.4&#8243; _module_preset=&#8221;default&#8221; background_color=&#8221;#007bb6&#8243; global_colors_info=&#8221;{}&#8221; follow_button=&#8221;off&#8221; url_new_window=&#8221;on&#8221;]linkedin[\/et_pb_social_media_follow_network][\/et_pb_social_media_follow][\/et_pb_column][\/et_pb_row][et_pb_row column_structure=&#8221;3_4,1_4&#8243; module_class=&#8221;rowwidth-override&#8221; _builder_version=&#8221;4.27.4&#8243; _module_preset=&#8221;default&#8221; custom_padding=&#8221;0px||0px||false|false&#8221; custom_css_main_element=&#8221;width: 80% !Important;&#8221; global_colors_info=&#8221;{}&#8221;][et_pb_column type=&#8221;3_4&#8243; _builder_version=&#8221;4.27.4&#8243; _module_preset=&#8221;default&#8221; global_colors_info=&#8221;{}&#8221;][et_pb_text admin_label=&#8221;Text&#8221; _builder_version=&#8221;4.27.5&#8243; _module_preset=&#8221;default&#8221; hover_enabled=&#8221;0&#8243; global_colors_info=&#8221;{}&#8221; sticky_enabled=&#8221;0&#8243;]<\/p>\n<p>Andreas Roellgen is executive vice president and president of Engineered Bearings and an officer of The Timken Company.<\/p>\n<p>Named to his current position in 2022, Roellgen is responsible for the leadership and profitable growth of Timken\u2019s global engineered bearings business, which operates across 42 countries and serves a diverse industrial end-market mix and customer base.<\/p>\n<p>Most recently, Roellgen led the company\u2019s strategy to grow its global market share across Europe, Asia and Africa and is credited for significantly expanding Timken\u2019s position in China and India. Roellgen drives a customer-centric culture focused on leveraging technology to solve complex engineering challenges and providing industry-leading customer service and product reliability. Under Roellgen\u2019s direction, Timken developed into a technical and commercial leader in renewable energy.<\/p>\n<p>Roellgen began his Timken career in 1997 and has held various bearing business leadership roles including vice president of Europe, Asia and Africa; managing director of Europe and vice president of process industries; director of manufacturing and supply chain; and positions in corporate strategy and business development.<\/p>\n<p>Roellgen earned a master&#8217;s degree in mechanical engineering from Technische Universit\u00e4t M\u00fcnchen, Germany, and a master\u2019s degree in business administration from INSEAD, Fontainebleau, France.<\/p>\n<p><a href=\"https:\/\/www.timken.com\/about\/executive-team\/\">Meet the rest of our executive team.<\/a><\/p>\n<p>[\/et_pb_text][\/et_pb_column][et_pb_column type=&#8221;1_4&#8243; _builder_version=&#8221;4.27.4&#8243; _module_preset=&#8221;default&#8221; global_colors_info=&#8221;{}&#8221;][\/et_pb_column][\/et_pb_row][\/et_pb_section]<\/p>\n","protected":false},"excerpt":{"rendered":"<p>Andreas Roellgen Vice-presidente executivo e&#8230;<\/p>\n","protected":false},"author":1,"featured_media":0,"parent":471185,"menu_order":105,"comment_status":"closed","ping_status":"closed","template":"page-divi.php","meta":{"_acf_changed":false,"_et_pb_use_builder":"on","_et_pb_old_content":"","_et_gb_content_width":"","_oasis_is_in_workflow":0,"_oasis_original":0,"_oasis_task_priority":"2normal","footnotes":""},"class_list":["post-380495","page","type-page","status-publish","hentry"],"acf":[],"yoast_head":"<!-- This site is optimized with the Yoast SEO plugin v27.2 - https:\/\/yoast.com\/product\/yoast-seo-wordpress\/ -->\n<title>Andreas Roellgen, vice-presidente na Europa, \u00c1sia e \u00c1frica \u2013 The Timken Company<\/title>\n<meta name=\"description\" content=\"Andreas Roellgen, vice-presidente de vendas na Europa, \u00c1sia e \u00c1frica, lidera a estrat\u00e9gia da empresa que visa o aumento das vendas lucrativas em todos os segmentos e mercados nessas regi\u00f5es.\" \/>\n<meta name=\"robots\" content=\"index, follow, max-snippet:-1, max-image-preview:large, max-video-preview:-1\" \/>\n<link rel=\"canonical\" href=\"https:\/\/www.timken.com\/pt-br\/sobre\/andreas-roellgen\/\" \/>\n<meta property=\"og:locale\" content=\"pt_BR\" \/>\n<meta property=\"og:type\" content=\"article\" \/>\n<meta property=\"og:title\" content=\"The Timken Company \u2013 Andreas Roellgen, vice-presidente na Europa, \u00c1sia e \u00c1frica\" \/>\n<meta property=\"og:description\" content=\"Andreas Roellgen, vice-presidente de vendas na Europa, \u00c1sia e \u00c1frica, lidera a estrat\u00e9gia da empresa que visa o aumento das vendas lucrativas em todos os segmentos e mercados nessas regi\u00f5es.\" \/>\n<meta property=\"og:url\" content=\"https:\/\/www.timken.com\/pt-br\/sobre\/andreas-roellgen\/\" \/>\n<meta property=\"og:site_name\" content=\"The Timken Company\" \/>\n<meta property=\"article:modified_time\" content=\"2026-04-22T13:35:58+00:00\" \/>\n<meta property=\"og:image\" content=\"https:\/\/www.timken.com\/wp-content\/uploads\/2020\/08\/Timken-WHQ-At-Dusk-1200x630-1.jpg\" \/>\n<meta name=\"twitter:card\" content=\"summary_large_image\" \/>\n<meta name=\"twitter:title\" content=\"The Timken Company \u2013 Andreas Roellgen, vice-presidente na Europa, \u00c1sia e \u00c1frica\" \/>\n<meta name=\"twitter:description\" content=\"Andreas Roellgen, vice-presidente de vendas na Europa, \u00c1sia e \u00c1frica, lidera a estrat\u00e9gia da empresa que visa o aumento das vendas lucrativas em todos os segmentos e mercados nessas regi\u00f5es.\" \/>\n<meta name=\"twitter:image\" content=\"https:\/\/www.timken.com\/wp-content\/uploads\/2020\/08\/Timken-WHQ-At-Dusk-1200x630-1.jpg\" \/>\n<meta name=\"twitter:label1\" content=\"Est. tempo de leitura\" \/>\n\t<meta name=\"twitter:data1\" content=\"2 minutos\" \/>\n<script type=\"application\/ld+json\" class=\"yoast-schema-graph\">{\"@context\":\"https:\/\/schema.org\",\"@graph\":[{\"@type\":\"WebPage\",\"@id\":\"https:\/\/www.timken.com\/pt-br\/sobre\/andreas-roellgen\/\",\"url\":\"https:\/\/www.timken.com\/pt-br\/sobre\/andreas-roellgen\/\",\"name\":\"Andreas Roellgen, vice-presidente na Europa, \u00c1sia e \u00c1frica \u2013 The Timken Company\",\"isPartOf\":{\"@id\":\"https:\/\/www.timken.com\/pt-br\/#website\"},\"datePublished\":\"2019-10-17T18:02:54+00:00\",\"dateModified\":\"2026-04-22T13:35:58+00:00\",\"description\":\"Andreas Roellgen, vice-presidente de vendas na Europa, \u00c1sia e \u00c1frica, lidera a estrat\u00e9gia da empresa que visa o aumento das vendas lucrativas em todos os segmentos e mercados nessas regi\u00f5es.\",\"breadcrumb\":{\"@id\":\"https:\/\/www.timken.com\/pt-br\/sobre\/andreas-roellgen\/#breadcrumb\"},\"inLanguage\":\"pt-BR\",\"potentialAction\":[{\"@type\":\"ReadAction\",\"target\":[\"https:\/\/www.timken.com\/pt-br\/sobre\/andreas-roellgen\/\"]}]},{\"@type\":\"BreadcrumbList\",\"@id\":\"https:\/\/www.timken.com\/pt-br\/sobre\/andreas-roellgen\/#breadcrumb\",\"itemListElement\":[{\"@type\":\"ListItem\",\"position\":1,\"name\":\"Home\",\"item\":\"https:\/\/www.timken.com\/pt-br\/\"},{\"@type\":\"ListItem\",\"position\":2,\"name\":\"Sobre\",\"item\":\"https:\/\/www.timken.com\/pt-br\/sobre\/\"},{\"@type\":\"ListItem\",\"position\":3,\"name\":\"Andreas Roellgen\"}]},{\"@type\":\"WebSite\",\"@id\":\"https:\/\/www.timken.com\/pt-br\/#website\",\"url\":\"https:\/\/www.timken.com\/pt-br\/\",\"name\":\"The Timken Company\",\"description\":\"Stronger. By Design.\",\"publisher\":{\"@id\":\"https:\/\/www.timken.com\/pt-br\/#organization\"},\"potentialAction\":[{\"@type\":\"SearchAction\",\"target\":{\"@type\":\"EntryPoint\",\"urlTemplate\":\"https:\/\/www.timken.com\/pt-br\/?s={search_term_string}\"},\"query-input\":{\"@type\":\"PropertyValueSpecification\",\"valueRequired\":true,\"valueName\":\"search_term_string\"}}],\"inLanguage\":\"pt-BR\"},{\"@type\":\"Organization\",\"@id\":\"https:\/\/www.timken.com\/pt-br\/#organization\",\"name\":\"The Timken Company\",\"url\":\"https:\/\/www.timken.com\/pt-br\/\",\"logo\":{\"@type\":\"ImageObject\",\"inLanguage\":\"pt-BR\",\"@id\":\"https:\/\/www.timken.com\/pt-br\/#\/schema\/logo\/image\/\",\"url\":\"https:\/\/www.timken.com\/wp-content\/uploads\/2016\/07\/Timken_logo.png\",\"contentUrl\":\"https:\/\/www.timken.com\/wp-content\/uploads\/2016\/07\/Timken_logo.png\",\"width\":173,\"height\":37,\"caption\":\"The Timken Company\"},\"image\":{\"@id\":\"https:\/\/www.timken.com\/pt-br\/#\/schema\/logo\/image\/\"}}]}<\/script>\n<!-- \/ Yoast SEO plugin. -->","yoast_head_json":{"title":"Andreas Roellgen, vice-presidente na Europa, \u00c1sia e \u00c1frica \u2013 The Timken Company","description":"Andreas Roellgen, vice-presidente de vendas na Europa, \u00c1sia e \u00c1frica, lidera a estrat\u00e9gia da empresa que visa o aumento das vendas lucrativas em todos os segmentos e mercados nessas regi\u00f5es.","robots":{"index":"index","follow":"follow","max-snippet":"max-snippet:-1","max-image-preview":"max-image-preview:large","max-video-preview":"max-video-preview:-1"},"canonical":"https:\/\/www.timken.com\/pt-br\/sobre\/andreas-roellgen\/","og_locale":"pt_BR","og_type":"article","og_title":"The Timken Company \u2013 Andreas Roellgen, vice-presidente na Europa, \u00c1sia e \u00c1frica","og_description":"Andreas Roellgen, vice-presidente de vendas na Europa, \u00c1sia e \u00c1frica, lidera a estrat\u00e9gia da empresa que visa o aumento das vendas lucrativas em todos os segmentos e mercados nessas regi\u00f5es.","og_url":"https:\/\/www.timken.com\/pt-br\/sobre\/andreas-roellgen\/","og_site_name":"The Timken Company","article_modified_time":"2026-04-22T13:35:58+00:00","og_image":[{"url":"https:\/\/www.timken.com\/wp-content\/uploads\/2020\/08\/Timken-WHQ-At-Dusk-1200x630-1.jpg","type":"","width":"","height":""}],"twitter_card":"summary_large_image","twitter_title":"The Timken Company \u2013 Andreas Roellgen, vice-presidente na Europa, \u00c1sia e \u00c1frica","twitter_description":"Andreas Roellgen, vice-presidente de vendas na Europa, \u00c1sia e \u00c1frica, lidera a estrat\u00e9gia da empresa que visa o aumento das vendas lucrativas em todos os segmentos e mercados nessas regi\u00f5es.","twitter_image":"https:\/\/www.timken.com\/wp-content\/uploads\/2020\/08\/Timken-WHQ-At-Dusk-1200x630-1.jpg","twitter_misc":{"Est. tempo de leitura":"2 minutos"},"schema":{"@context":"https:\/\/schema.org","@graph":[{"@type":"WebPage","@id":"https:\/\/www.timken.com\/pt-br\/sobre\/andreas-roellgen\/","url":"https:\/\/www.timken.com\/pt-br\/sobre\/andreas-roellgen\/","name":"Andreas Roellgen, vice-presidente na Europa, \u00c1sia e \u00c1frica \u2013 The Timken Company","isPartOf":{"@id":"https:\/\/www.timken.com\/pt-br\/#website"},"datePublished":"2019-10-17T18:02:54+00:00","dateModified":"2026-04-22T13:35:58+00:00","description":"Andreas Roellgen, vice-presidente de vendas na Europa, \u00c1sia e \u00c1frica, lidera a estrat\u00e9gia da empresa que visa o aumento das vendas lucrativas em todos os segmentos e mercados nessas regi\u00f5es.","breadcrumb":{"@id":"https:\/\/www.timken.com\/pt-br\/sobre\/andreas-roellgen\/#breadcrumb"},"inLanguage":"pt-BR","potentialAction":[{"@type":"ReadAction","target":["https:\/\/www.timken.com\/pt-br\/sobre\/andreas-roellgen\/"]}]},{"@type":"BreadcrumbList","@id":"https:\/\/www.timken.com\/pt-br\/sobre\/andreas-roellgen\/#breadcrumb","itemListElement":[{"@type":"ListItem","position":1,"name":"Home","item":"https:\/\/www.timken.com\/pt-br\/"},{"@type":"ListItem","position":2,"name":"Sobre","item":"https:\/\/www.timken.com\/pt-br\/sobre\/"},{"@type":"ListItem","position":3,"name":"Andreas Roellgen"}]},{"@type":"WebSite","@id":"https:\/\/www.timken.com\/pt-br\/#website","url":"https:\/\/www.timken.com\/pt-br\/","name":"The Timken Company","description":"Stronger. By Design.","publisher":{"@id":"https:\/\/www.timken.com\/pt-br\/#organization"},"potentialAction":[{"@type":"SearchAction","target":{"@type":"EntryPoint","urlTemplate":"https:\/\/www.timken.com\/pt-br\/?s={search_term_string}"},"query-input":{"@type":"PropertyValueSpecification","valueRequired":true,"valueName":"search_term_string"}}],"inLanguage":"pt-BR"},{"@type":"Organization","@id":"https:\/\/www.timken.com\/pt-br\/#organization","name":"The Timken Company","url":"https:\/\/www.timken.com\/pt-br\/","logo":{"@type":"ImageObject","inLanguage":"pt-BR","@id":"https:\/\/www.timken.com\/pt-br\/#\/schema\/logo\/image\/","url":"https:\/\/www.timken.com\/wp-content\/uploads\/2016\/07\/Timken_logo.png","contentUrl":"https:\/\/www.timken.com\/wp-content\/uploads\/2016\/07\/Timken_logo.png","width":173,"height":37,"caption":"The Timken Company"},"image":{"@id":"https:\/\/www.timken.com\/pt-br\/#\/schema\/logo\/image\/"}}]}},"_links":{"self":[{"href":"https:\/\/www.timken.com\/pt-br\/wp-json\/wp\/v2\/pages\/380495","targetHints":{"allow":["GET"]}}],"collection":[{"href":"https:\/\/www.timken.com\/pt-br\/wp-json\/wp\/v2\/pages"}],"about":[{"href":"https:\/\/www.timken.com\/pt-br\/wp-json\/wp\/v2\/types\/page"}],"author":[{"embeddable":true,"href":"https:\/\/www.timken.com\/pt-br\/wp-json\/wp\/v2\/users\/1"}],"replies":[{"embeddable":true,"href":"https:\/\/www.timken.com\/pt-br\/wp-json\/wp\/v2\/comments?post=380495"}],"version-history":[{"count":4,"href":"https:\/\/www.timken.com\/pt-br\/wp-json\/wp\/v2\/pages\/380495\/revisions"}],"predecessor-version":[{"id":880767,"href":"https:\/\/www.timken.com\/pt-br\/wp-json\/wp\/v2\/pages\/380495\/revisions\/880767"}],"up":[{"embeddable":true,"href":"https:\/\/www.timken.com\/pt-br\/wp-json\/wp\/v2\/pages\/471185"}],"wp:attachment":[{"href":"https:\/\/www.timken.com\/pt-br\/wp-json\/wp\/v2\/media?parent=380495"}],"curies":[{"name":"wp","href":"https:\/\/api.w.org\/{rel}","templated":true}]}}