{"id":8984,"date":"2016-10-01T14:36:00","date_gmt":"2016-10-01T18:36:00","guid":{"rendered":"https:\/\/www.timken.com\/pl\/?page_id=8984"},"modified":"2026-02-20T10:04:25","modified_gmt":"2026-02-20T14:04:25","slug":"ronald-j-myers","status":"publish","type":"page","link":"https:\/\/www.timken.com\/pl\/o-firmie\/ronald-j-myers\/","title":{"rendered":"Ronald J. Myers"},"content":{"rendered":"<p>Ronald J. Myers jest wiceprezesem dzia\u0142u kadr i cz\u0142onkiem kierownictwa wy\u017cszego szczebla firmy Timken Company. Na obecne stanowisko zosta\u0142 powo\u0142any w 2015 r., za\u015b w 2016 r. do\u0142\u0105czy\u0142 do kierownictwa wy\u017cszego szczebla firmy.<\/p>\n<p>Ron prowadzi globalny zesp\u00f3\u0142, kt\u00f3ry promuje rozw\u00f3j, zaanga\u017cowanie i sukces pracownik\u00f3w w zakresie dzia\u0142ania firmy. Wsp\u00f3\u0142pracuje on \u015bci\u015ble z kierownictwem firmy, aby dostosowa\u0107 globalne cele kadrowe do strategii biznesowych i plan\u00f3w operacyjnych, jednocze\u015bnie tworz\u0105c \u015brodowisko pracy, w kt\u00f3rym ceni si\u0119 r\u00f3\u017cnorodno\u015b\u0107 my\u015bli.<\/p>\n<p>W 1982 r. Ron rozpocz\u0105\u0142 karier\u0119 w firmie Timken jako in\u017cynier uk\u0142ad\u00f3w przemys\u0142owych. P\u00f3\u017aniej zajmowa\u0142 stanowiska w r\u00f3\u017cnych dzia\u0142ach, w tym w dziale rozwoju pracownik\u00f3w, sta\u0142ego rozwoju oraz BHP i ochrony \u015brodowiska. W 1999 roku przeni\u00f3s\u0142 si\u0119 do podmiotu zale\u017cnego firmy, gdzie pe\u0142ni\u0142 rol\u0119 dyrektora generalnego ds. rozwoju organizacji, zakup\u00f3w i logistyki. Ron wr\u00f3ci\u0142 do siedziby firmy Timken w 2003 r. jako dyrektor ds. rozwoju organizacji. W 2007 r. zosta\u0142 mianowany wiceprezesem ds. rozwoju proces\u00f3w biznesowych, a w 2009 r. zaj\u0105\u0142 stanowisko wiceprezesa ds. rozwoju organizacji.<\/p>\n<p>Otrzyma\u0142 tytu\u0142 licencjacki w dziedzinie zarz\u0105dzania biznesem i edukacji biznesowej na Baldwin Wallace Univeristy oraz tytu\u0142 magistra administracji biznesowej na Case Western Reserve University\u2019s Weatherhead School of Business w Cleveland w stanie Ohio. Ron zasiada w zarz\u0105dzie powierniczym The Timken Company Charitable &amp; Educational Fund oraz zarz\u0105dzie CommQuest, agencji zajmuj\u0105cej si\u0119 leczeniem uzale\u017cnienia od narkotyk\u00f3w, alkoholu oraz zaburze\u0144 behawioralnych z Canton w stanie Ohio.<\/p>\n","protected":false},"excerpt":{"rendered":"<p>Ronald J. Myers jest wiceprezesem dzia\u0142u kadr i cz\u0142onkiem kierownictwa wy\u017cszego szczebla firmy Timken Company. Na obecne stanowisko zosta\u0142 powo\u0142any w 2015 r., za\u015b w 2016 r. do\u0142\u0105czy\u0142 do kierownictwa wy\u017cszego szczebla firmy. Ron prowadzi globalny zesp\u00f3\u0142, kt\u00f3ry promuje rozw\u00f3j, zaanga\u017cowanie i sukces pracownik\u00f3w w zakresie dzia\u0142ania firmy. Wsp\u00f3\u0142pracuje on \u015bci\u015ble z kierownictwem firmy, aby [&hellip;]<\/p>\n","protected":false},"author":1,"featured_media":0,"parent":471171,"menu_order":103,"comment_status":"closed","ping_status":"closed","template":"templates\/template-leadership.php","meta":{"_acf_changed":false,"_et_pb_use_builder":"","_et_pb_old_content":"","_et_gb_content_width":"","_oasis_is_in_workflow":0,"_oasis_original":0,"_oasis_task_priority":"2normal","footnotes":""},"class_list":["post-8984","page","type-page","status-publish","hentry"],"acf":[],"yoast_head":"<!-- This site is optimized with the Yoast SEO plugin v27.2 - https:\/\/yoast.com\/product\/yoast-seo-wordpress\/ -->\n<title>Ronald J. Myers | VP Human Resources - The Timken Company<\/title>\n<meta name=\"description\" content=\"Ronald J. Myers jest wiceprezesem ds. zasob\u00f3w ludzkich w firmie Timken. Dowiedz si\u0119 wi\u0119cej o jego do\u015bwiadczeniu i zas\u0142ugach.\" \/>\n<meta name=\"robots\" content=\"index, follow, max-snippet:-1, max-image-preview:large, max-video-preview:-1\" \/>\n<link rel=\"canonical\" href=\"https:\/\/www.timken.com\/pl\/o-firmie\/ronald-j-myers\/\" \/>\n<meta property=\"og:locale\" content=\"pl_PL\" \/>\n<meta property=\"og:type\" content=\"article\" \/>\n<meta property=\"og:title\" content=\"Ronald J. Myers | VP Human Resources - The Timken Company\" \/>\n<meta property=\"og:description\" content=\"Ronald J. Myers jest wiceprezesem ds. zasob\u00f3w ludzkich w firmie Timken. Dowiedz si\u0119 wi\u0119cej o jego do\u015bwiadczeniu i zas\u0142ugach.\" \/>\n<meta property=\"og:url\" content=\"https:\/\/www.timken.com\/pl\/o-firmie\/ronald-j-myers\/\" \/>\n<meta property=\"og:site_name\" content=\"The Timken Company\" \/>\n<meta property=\"article:modified_time\" content=\"2026-02-20T14:04:25+00:00\" \/>\n<meta name=\"twitter:card\" content=\"summary_large_image\" \/>\n<meta name=\"twitter:label1\" content=\"Szacowany czas czytania\" \/>\n\t<meta name=\"twitter:data1\" content=\"1 minuta\" \/>\n<script type=\"application\/ld+json\" class=\"yoast-schema-graph\">{\"@context\":\"https:\/\/schema.org\",\"@graph\":[{\"@type\":\"WebPage\",\"@id\":\"https:\/\/www.timken.com\/pl\/o-firmie\/ronald-j-myers\/\",\"url\":\"https:\/\/www.timken.com\/pl\/o-firmie\/ronald-j-myers\/\",\"name\":\"Ronald J. Myers | VP Human Resources - The Timken Company\",\"isPartOf\":{\"@id\":\"https:\/\/www.timken.com\/pl\/#website\"},\"datePublished\":\"2016-10-01T18:36:00+00:00\",\"dateModified\":\"2026-02-20T14:04:25+00:00\",\"description\":\"Ronald J. Myers jest wiceprezesem ds. zasob\u00f3w ludzkich w firmie Timken. Dowiedz si\u0119 wi\u0119cej o jego do\u015bwiadczeniu i zas\u0142ugach.\",\"breadcrumb\":{\"@id\":\"https:\/\/www.timken.com\/pl\/o-firmie\/ronald-j-myers\/#breadcrumb\"},\"inLanguage\":\"pl-PL\",\"potentialAction\":[{\"@type\":\"ReadAction\",\"target\":[\"https:\/\/www.timken.com\/pl\/o-firmie\/ronald-j-myers\/\"]}]},{\"@type\":\"BreadcrumbList\",\"@id\":\"https:\/\/www.timken.com\/pl\/o-firmie\/ronald-j-myers\/#breadcrumb\",\"itemListElement\":[{\"@type\":\"ListItem\",\"position\":1,\"name\":\"Home\",\"item\":\"https:\/\/www.timken.com\/pl\/\"},{\"@type\":\"ListItem\",\"position\":2,\"name\":\"O firmie\",\"item\":\"https:\/\/www.timken.com\/pl\/o-firmie\/\"},{\"@type\":\"ListItem\",\"position\":3,\"name\":\"Ronald J. Myers\"}]},{\"@type\":\"WebSite\",\"@id\":\"https:\/\/www.timken.com\/pl\/#website\",\"url\":\"https:\/\/www.timken.com\/pl\/\",\"name\":\"The Timken Company\",\"description\":\"Stronger. By Design.\",\"publisher\":{\"@id\":\"https:\/\/www.timken.com\/pl\/#organization\"},\"potentialAction\":[{\"@type\":\"SearchAction\",\"target\":{\"@type\":\"EntryPoint\",\"urlTemplate\":\"https:\/\/www.timken.com\/pl\/?s={search_term_string}\"},\"query-input\":{\"@type\":\"PropertyValueSpecification\",\"valueRequired\":true,\"valueName\":\"search_term_string\"}}],\"inLanguage\":\"pl-PL\"},{\"@type\":\"Organization\",\"@id\":\"https:\/\/www.timken.com\/pl\/#organization\",\"name\":\"The Timken Company\",\"url\":\"https:\/\/www.timken.com\/pl\/\",\"logo\":{\"@type\":\"ImageObject\",\"inLanguage\":\"pl-PL\",\"@id\":\"https:\/\/www.timken.com\/pl\/#\/schema\/logo\/image\/\",\"url\":\"https:\/\/www.timken.com\/wp-content\/uploads\/2016\/07\/Timken_logo.png\",\"contentUrl\":\"https:\/\/www.timken.com\/wp-content\/uploads\/2016\/07\/Timken_logo.png\",\"width\":173,\"height\":37,\"caption\":\"The Timken Company\"},\"image\":{\"@id\":\"https:\/\/www.timken.com\/pl\/#\/schema\/logo\/image\/\"}}]}<\/script>\n<!-- \/ Yoast SEO plugin. -->","yoast_head_json":{"title":"Ronald J. Myers | VP Human Resources - The Timken Company","description":"Ronald J. Myers jest wiceprezesem ds. zasob\u00f3w ludzkich w firmie Timken. Dowiedz si\u0119 wi\u0119cej o jego do\u015bwiadczeniu i zas\u0142ugach.","robots":{"index":"index","follow":"follow","max-snippet":"max-snippet:-1","max-image-preview":"max-image-preview:large","max-video-preview":"max-video-preview:-1"},"canonical":"https:\/\/www.timken.com\/pl\/o-firmie\/ronald-j-myers\/","og_locale":"pl_PL","og_type":"article","og_title":"Ronald J. Myers | VP Human Resources - The Timken Company","og_description":"Ronald J. Myers jest wiceprezesem ds. zasob\u00f3w ludzkich w firmie Timken. Dowiedz si\u0119 wi\u0119cej o jego do\u015bwiadczeniu i zas\u0142ugach.","og_url":"https:\/\/www.timken.com\/pl\/o-firmie\/ronald-j-myers\/","og_site_name":"The Timken Company","article_modified_time":"2026-02-20T14:04:25+00:00","twitter_card":"summary_large_image","twitter_misc":{"Szacowany czas czytania":"1 minuta"},"schema":{"@context":"https:\/\/schema.org","@graph":[{"@type":"WebPage","@id":"https:\/\/www.timken.com\/pl\/o-firmie\/ronald-j-myers\/","url":"https:\/\/www.timken.com\/pl\/o-firmie\/ronald-j-myers\/","name":"Ronald J. Myers | VP Human Resources - The Timken Company","isPartOf":{"@id":"https:\/\/www.timken.com\/pl\/#website"},"datePublished":"2016-10-01T18:36:00+00:00","dateModified":"2026-02-20T14:04:25+00:00","description":"Ronald J. Myers jest wiceprezesem ds. zasob\u00f3w ludzkich w firmie Timken. Dowiedz si\u0119 wi\u0119cej o jego do\u015bwiadczeniu i zas\u0142ugach.","breadcrumb":{"@id":"https:\/\/www.timken.com\/pl\/o-firmie\/ronald-j-myers\/#breadcrumb"},"inLanguage":"pl-PL","potentialAction":[{"@type":"ReadAction","target":["https:\/\/www.timken.com\/pl\/o-firmie\/ronald-j-myers\/"]}]},{"@type":"BreadcrumbList","@id":"https:\/\/www.timken.com\/pl\/o-firmie\/ronald-j-myers\/#breadcrumb","itemListElement":[{"@type":"ListItem","position":1,"name":"Home","item":"https:\/\/www.timken.com\/pl\/"},{"@type":"ListItem","position":2,"name":"O firmie","item":"https:\/\/www.timken.com\/pl\/o-firmie\/"},{"@type":"ListItem","position":3,"name":"Ronald J. Myers"}]},{"@type":"WebSite","@id":"https:\/\/www.timken.com\/pl\/#website","url":"https:\/\/www.timken.com\/pl\/","name":"The Timken Company","description":"Stronger. By Design.","publisher":{"@id":"https:\/\/www.timken.com\/pl\/#organization"},"potentialAction":[{"@type":"SearchAction","target":{"@type":"EntryPoint","urlTemplate":"https:\/\/www.timken.com\/pl\/?s={search_term_string}"},"query-input":{"@type":"PropertyValueSpecification","valueRequired":true,"valueName":"search_term_string"}}],"inLanguage":"pl-PL"},{"@type":"Organization","@id":"https:\/\/www.timken.com\/pl\/#organization","name":"The Timken Company","url":"https:\/\/www.timken.com\/pl\/","logo":{"@type":"ImageObject","inLanguage":"pl-PL","@id":"https:\/\/www.timken.com\/pl\/#\/schema\/logo\/image\/","url":"https:\/\/www.timken.com\/wp-content\/uploads\/2016\/07\/Timken_logo.png","contentUrl":"https:\/\/www.timken.com\/wp-content\/uploads\/2016\/07\/Timken_logo.png","width":173,"height":37,"caption":"The Timken Company"},"image":{"@id":"https:\/\/www.timken.com\/pl\/#\/schema\/logo\/image\/"}}]}},"_links":{"self":[{"href":"https:\/\/www.timken.com\/pl\/wp-json\/wp\/v2\/pages\/8984","targetHints":{"allow":["GET"]}}],"collection":[{"href":"https:\/\/www.timken.com\/pl\/wp-json\/wp\/v2\/pages"}],"about":[{"href":"https:\/\/www.timken.com\/pl\/wp-json\/wp\/v2\/types\/page"}],"author":[{"embeddable":true,"href":"https:\/\/www.timken.com\/pl\/wp-json\/wp\/v2\/users\/1"}],"replies":[{"embeddable":true,"href":"https:\/\/www.timken.com\/pl\/wp-json\/wp\/v2\/comments?post=8984"}],"version-history":[{"count":0,"href":"https:\/\/www.timken.com\/pl\/wp-json\/wp\/v2\/pages\/8984\/revisions"}],"up":[{"embeddable":true,"href":"https:\/\/www.timken.com\/pl\/wp-json\/wp\/v2\/pages\/471171"}],"wp:attachment":[{"href":"https:\/\/www.timken.com\/pl\/wp-json\/wp\/v2\/media?parent=8984"}],"curies":[{"name":"wp","href":"https:\/\/api.w.org\/{rel}","templated":true}]}}