{"version":"1.0","provider_name":"The Timken Company","provider_url":"https:\/\/www.timken.com\/de\/","author_name":"Andrew Husted","author_url":"https:\/\/www.timken.com\/de\/author\/andrew-husted\/","title":"Elektrofahrzeuge: Fahren was m\u00f6glich ist","type":"rich","width":600,"height":338,"html":"<blockquote class=\"wp-embedded-content\" data-secret=\"cjKwKw9bwu\"><a href=\"https:\/\/www.timken.com\/de\/timken-world\/elektrofahrzeuge-fahren-was-moeglich-ist\/\">Elektrofahrzeuge: Fahren was m\u00f6glich ist<\/a><\/blockquote><iframe sandbox=\"allow-scripts\" security=\"restricted\" src=\"https:\/\/www.timken.com\/de\/timken-world\/elektrofahrzeuge-fahren-was-moeglich-ist\/embed\/#?secret=cjKwKw9bwu\" width=\"600\" height=\"338\" title=\"&#8222;Elektrofahrzeuge: Fahren was m\u00f6glich ist&#8220; &#8212; The Timken Company\" data-secret=\"cjKwKw9bwu\" frameborder=\"0\" marginwidth=\"0\" marginheight=\"0\" scrolling=\"no\" class=\"wp-embedded-content\"><\/iframe><script type=\"text\/javascript\">\n\/* <![CDATA[ *\/\n\/*! This file is auto-generated *\/\n!function(d,l){\"use strict\";l.querySelector&&d.addEventListener&&\"undefined\"!=typeof URL&&(d.wp=d.wp||{},d.wp.receiveEmbedMessage||(d.wp.receiveEmbedMessage=function(e){var t=e.data;if((t||t.secret||t.message||t.value)&&!\/[^a-zA-Z0-9]\/.test(t.secret)){for(var s,r,n,a=l.querySelectorAll('iframe[data-secret=\"'+t.secret+'\"]'),o=l.querySelectorAll('blockquote[data-secret=\"'+t.secret+'\"]'),c=new RegExp(\"^https?:$\",\"i\"),i=0;i<o.length;i++)o[i].style.display=\"none\";for(i=0;i<a.length;i++)s=a[i],e.source===s.contentWindow&&(s.removeAttribute(\"style\"),\"height\"===t.message?(1e3<(r=parseInt(t.value,10))?r=1e3:~~r<200&&(r=200),s.height=r):\"link\"===t.message&&(r=new URL(s.getAttribute(\"src\")),n=new URL(t.value),c.test(n.protocol))&&n.host===r.host&&l.activeElement===s&&(d.top.location.href=t.value))}},d.addEventListener(\"message\",d.wp.receiveEmbedMessage,!1),l.addEventListener(\"DOMContentLoaded\",function(){for(var e,t,s=l.querySelectorAll(\"iframe.wp-embedded-content\"),r=0;r<s.length;r++)(t=(e=s[r]).getAttribute(\"data-secret\"))||(t=Math.random().toString(36).substring(2,12),e.src+=\"#?secret=\"+t,e.setAttribute(\"data-secret\",t)),e.contentWindow.postMessage({message:\"ready\",secret:t},\"*\")},!1)))}(window,document);\n\/\/# sourceURL=https:\/\/www.timken.com\/wp-includes\/js\/wp-embed.min.js\n\/* ]]> *\/\n<\/script>\n","description":"Die Entwicklung von Elektrofahrzeugen schreitet schnell voran, und die Timken-Teams arbeiten zusammen, um die ehrgeizigen Zeitvorgaben einzuhalten. Ryan Fernandes spricht \u00fcber seine Arbeit \u2013 und \u00fcber die Inspiration und Herausforderung, Anforderungen zu erf\u00fcllen, die dazu beitragen, die Welt f\u00fcr die n\u00e4chste Generation zu erhalten.","thumbnail_url":"https:\/\/www.timken.com\/wp-content\/uploads\/2021\/09\/EV-Box-Image.jpg","thumbnail_width":600,"thumbnail_height":600}